{"id":5811,"date":"2025-02-13T12:02:12","date_gmt":"2025-02-13T11:02:12","guid":{"rendered":"https:\/\/espacios.adeituv.es\/experiencies\/"},"modified":"2025-02-13T12:41:33","modified_gmt":"2025-02-13T11:41:33","slug":"experiencies","status":"publish","type":"page","link":"https:\/\/espacios.adeituv.es\/val\/experiencies\/","title":{"rendered":"Experi\u00e8ncies"},"content":{"rendered":"\t\t<div data-elementor-type=\"wp-page\" data-elementor-id=\"5811\" class=\"elementor elementor-5811 elementor-5652\" data-elementor-post-type=\"page\">\n\t\t\t\t<div class=\"elementor-element elementor-element-038916a e-flex e-con-boxed e-con e-parent\" data-id=\"038916a\" data-element_type=\"container\" data-e-type=\"container\">\n\t\t\t\t\t<div class=\"e-con-inner\">\n\t\t\t\t<div class=\"elementor-element elementor-element-9ebddd8 elementor-widget__width-initial elementor-invisible elementor-widget elementor-widget-heading\" data-id=\"9ebddd8\" data-element_type=\"widget\" data-e-type=\"widget\" data-settings=\"{&quot;_animation&quot;:&quot;fadeInUp&quot;}\" data-widget_type=\"heading.default\">\n\t\t\t\t<div class=\"elementor-widget-container\">\n\t\t\t\t\t<h2 class=\"elementor-heading-title elementor-size-default\">Experi\u00e8ncies<\/h2>\t\t\t\t<\/div>\n\t\t\t\t<\/div>\n\t\t\t\t\t<\/div>\n\t\t\t\t<\/div>\n\t\t<div class=\"elementor-element elementor-element-70a8588 e-flex e-con-boxed e-con e-parent\" data-id=\"70a8588\" data-element_type=\"container\" data-e-type=\"container\">\n\t\t\t\t\t<div class=\"e-con-inner\">\n\t\t\t\t<div class=\"elementor-element elementor-element-c7b6bc2 elementor-grid-3 elementor-grid-tablet-2 elementor-grid-mobile-1 elementor-posts--thumbnail-top elementor-card-shadow-yes elementor-posts__hover-gradient elementor-invisible elementor-widget elementor-widget-posts\" data-id=\"c7b6bc2\" data-element_type=\"widget\" data-e-type=\"widget\" data-settings=\"{&quot;pagination_type&quot;:&quot;numbers_and_prev_next&quot;,&quot;_animation&quot;:&quot;fadeIn&quot;,&quot;cards_columns&quot;:&quot;3&quot;,&quot;cards_columns_tablet&quot;:&quot;2&quot;,&quot;cards_columns_mobile&quot;:&quot;1&quot;,&quot;cards_row_gap&quot;:{&quot;unit&quot;:&quot;px&quot;,&quot;size&quot;:35,&quot;sizes&quot;:[]},&quot;cards_row_gap_tablet&quot;:{&quot;unit&quot;:&quot;px&quot;,&quot;size&quot;:&quot;&quot;,&quot;sizes&quot;:[]},&quot;cards_row_gap_mobile&quot;:{&quot;unit&quot;:&quot;px&quot;,&quot;size&quot;:&quot;&quot;,&quot;sizes&quot;:[]}}\" data-widget_type=\"posts.cards\">\n\t\t\t\t<div class=\"elementor-widget-container\">\n\t\t\t\t\t\t\t<div class=\"elementor-posts-container elementor-posts elementor-posts--skin-cards elementor-grid\" role=\"list\">\n\t\t\t\t<article class=\"elementor-post elementor-grid-item post-3433 post type-post status-publish format-standard has-post-thumbnail category-noticies tag-adeit-val tag-espacios-valencia-val\" role=\"listitem\">\n\t\t\t<div class=\"elementor-post__card\">\n\t\t\t\t<a class=\"elementor-post__thumbnail__link\" href=\"https:\/\/espacios.adeituv.es\/val\/experiencias-25-premios-universidad-sociedad-2022\/\" tabindex=\"-1\" ><div class=\"elementor-post__thumbnail\"><img fetchpriority=\"high\" decoding=\"async\" width=\"768\" height=\"513\" src=\"https:\/\/espacios.adeituv.es\/wp-content\/uploads\/premios-70-768x513.jpg\" class=\"attachment-medium_large size-medium_large wp-image-3392\" alt=\"\" srcset=\"https:\/\/espacios.adeituv.es\/wp-content\/uploads\/premios-70-768x513.jpg 768w, https:\/\/espacios.adeituv.es\/wp-content\/uploads\/premios-70-300x200.jpg 300w, https:\/\/espacios.adeituv.es\/wp-content\/uploads\/premios-70-1024x684.jpg 1024w, https:\/\/espacios.adeituv.es\/wp-content\/uploads\/premios-70-900x600.jpg 900w\" sizes=\"(max-width: 768px) 100vw, 768px\" \/><\/div><\/a>\n\t\t\t\t<div class=\"elementor-post__text\">\n\t\t\t\t<h3 class=\"elementor-post__title\">\n\t\t\t<a href=\"https:\/\/espacios.adeituv.es\/val\/experiencias-25-premios-universidad-sociedad-2022\/\" >\n\t\t\t\tEls 25 Premis Universitat-Societat, un esdeveniment cuidat al detall\t\t\t<\/a>\n\t\t<\/h3>\n\t\t\n\t\t<a class=\"elementor-post__read-more\" href=\"https:\/\/espacios.adeituv.es\/val\/experiencias-25-premios-universidad-sociedad-2022\/\" aria-label=\"Read more about Els 25 Premis Universitat-Societat, un esdeveniment cuidat al detall\" tabindex=\"-1\" >\n\t\t\tLlegir m\u00e9s \u00bb\t\t<\/a>\n\n\t\t\t\t<\/div>\n\t\t\t\t<div class=\"elementor-post__meta-data\">\n\t\t\t\t\t<span class=\"elementor-post-date\">\n\t\t\tJanuary 28, 2022\t\t<\/span>\n\t\t\t\t<span class=\"elementor-post-avatar\">\n\t\t\tNo Comments\t\t<\/span>\n\t\t\t\t<\/div>\n\t\t\t\t\t<\/div>\n\t\t<\/article>\n\t\t\t\t<article class=\"elementor-post elementor-grid-item post-1811 post type-post status-publish format-standard has-post-thumbnail category-noticies tag-alquiler-espacio-adeit-val tag-alquiler-sala-val tag-alquiler-salon-val tag-alquiler-salon-de-actos-val tag-espacio-adeit-val tag-salo-de-actos-val\" role=\"listitem\">\n\t\t\t<div class=\"elementor-post__card\">\n\t\t\t\t<a class=\"elementor-post__thumbnail__link\" href=\"https:\/\/espacios.adeituv.es\/val\/meeting-on-science-with-gtc-salon-actos-espacio-adeit\/\" tabindex=\"-1\" ><div class=\"elementor-post__thumbnail\"><img decoding=\"async\" width=\"768\" height=\"432\" src=\"https:\/\/espacios.adeituv.es\/wp-content\/uploads\/Congreso-GTC_-768x432.jpg\" class=\"attachment-medium_large size-medium_large wp-image-2279\" alt=\"\" srcset=\"https:\/\/espacios.adeituv.es\/wp-content\/uploads\/Congreso-GTC_-768x432.jpg 768w, https:\/\/espacios.adeituv.es\/wp-content\/uploads\/Congreso-GTC_-300x169.jpg 300w, https:\/\/espacios.adeituv.es\/wp-content\/uploads\/Congreso-GTC_-1024x576.jpg 1024w\" sizes=\"(max-width: 768px) 100vw, 768px\" \/><\/div><\/a>\n\t\t\t\t<div class=\"elementor-post__text\">\n\t\t\t\t<h3 class=\"elementor-post__title\">\n\t\t\t<a href=\"https:\/\/espacios.adeituv.es\/val\/meeting-on-science-with-gtc-salon-actos-espacio-adeit\/\" >\n\t\t\t\tVI Meeting on science with GTC &#8211; Sal\u00f3n de Actos Espacio ADEIT\t\t\t<\/a>\n\t\t<\/h3>\n\t\t\n\t\t<a class=\"elementor-post__read-more\" href=\"https:\/\/espacios.adeituv.es\/val\/meeting-on-science-with-gtc-salon-actos-espacio-adeit\/\" aria-label=\"Read more about VI Meeting on science with GTC &#8211; Sal\u00f3n de Actos Espacio ADEIT\" tabindex=\"-1\" >\n\t\t\tLlegir m\u00e9s \u00bb\t\t<\/a>\n\n\t\t\t\t<\/div>\n\t\t\t\t<div class=\"elementor-post__meta-data\">\n\t\t\t\t\t<span class=\"elementor-post-date\">\n\t\t\tApril 24, 2019\t\t<\/span>\n\t\t\t\t<span class=\"elementor-post-avatar\">\n\t\t\tNo Comments\t\t<\/span>\n\t\t\t\t<\/div>\n\t\t\t\t\t<\/div>\n\t\t<\/article>\n\t\t\t\t<article class=\"elementor-post elementor-grid-item post-1829 post type-post status-publish format-standard has-post-thumbnail category-noticies tag-alquiler-adeit-val tag-alquiler-para-eventos-val tag-alquiler-salon-de-actos-val tag-espacios-adeit-val tag-salon-de-actos-val tag-salon-de-actos-adeit-val\" role=\"listitem\">\n\t\t\t<div class=\"elementor-post__card\">\n\t\t\t\t<a class=\"elementor-post__thumbnail__link\" href=\"https:\/\/espacios.adeituv.es\/val\/evento-cafe-los-negocios-salon-de-actos\/\" tabindex=\"-1\" ><div class=\"elementor-post__thumbnail\"><img decoding=\"async\" width=\"768\" height=\"469\" src=\"https:\/\/espacios.adeituv.es\/wp-content\/uploads\/CaixaBank_NIK5021-768x469.jpg\" class=\"attachment-medium_large size-medium_large wp-image-2047\" alt=\"\" srcset=\"https:\/\/espacios.adeituv.es\/wp-content\/uploads\/CaixaBank_NIK5021-768x469.jpg 768w, https:\/\/espacios.adeituv.es\/wp-content\/uploads\/CaixaBank_NIK5021-300x183.jpg 300w, https:\/\/espacios.adeituv.es\/wp-content\/uploads\/CaixaBank_NIK5021-1024x625.jpg 1024w\" sizes=\"(max-width: 768px) 100vw, 768px\" \/><\/div><\/a>\n\t\t\t\t<div class=\"elementor-post__text\">\n\t\t\t\t<h3 class=\"elementor-post__title\">\n\t\t\t<a href=\"https:\/\/espacios.adeituv.es\/val\/evento-cafe-los-negocios-salon-de-actos\/\" >\n\t\t\t\tEvento \u201cEl caf\u00e9 de los negocios\u201d &#8211; Alquiler de Espacio ADEIT\t\t\t<\/a>\n\t\t<\/h3>\n\t\t\n\t\t<a class=\"elementor-post__read-more\" href=\"https:\/\/espacios.adeituv.es\/val\/evento-cafe-los-negocios-salon-de-actos\/\" aria-label=\"Read more about Evento \u201cEl caf\u00e9 de los negocios\u201d &#8211; Alquiler de Espacio ADEIT\" tabindex=\"-1\" >\n\t\t\tLlegir m\u00e9s \u00bb\t\t<\/a>\n\n\t\t\t\t<\/div>\n\t\t\t\t<div class=\"elementor-post__meta-data\">\n\t\t\t\t\t<span class=\"elementor-post-date\">\n\t\t\tApril 12, 2019\t\t<\/span>\n\t\t\t\t<span class=\"elementor-post-avatar\">\n\t\t\tNo Comments\t\t<\/span>\n\t\t\t\t<\/div>\n\t\t\t\t\t<\/div>\n\t\t<\/article>\n\t\t\t\t<article class=\"elementor-post elementor-grid-item post-1815 post type-post status-publish format-standard has-post-thumbnail category-noticies tag-alquiler-espacio-adeit-val tag-alquiler-sala-val tag-alquiler-salon-val tag-alquiler-salon-de-actos-val tag-espacio-adeit-val tag-salo-de-actos-val\" role=\"listitem\">\n\t\t\t<div class=\"elementor-post__card\">\n\t\t\t\t<a class=\"elementor-post__thumbnail__link\" href=\"https:\/\/espacios.adeituv.es\/val\/coctel-navidad-cruz-roja-terraza-cubierta-espacio-adeit\/\" tabindex=\"-1\" ><div class=\"elementor-post__thumbnail\"><img loading=\"lazy\" decoding=\"async\" width=\"768\" height=\"511\" src=\"https:\/\/espacios.adeituv.es\/wp-content\/uploads\/Cruz_Roja_4-1024x681-1-768x511.jpg\" class=\"attachment-medium_large size-medium_large wp-image-2262\" alt=\"\" srcset=\"https:\/\/espacios.adeituv.es\/wp-content\/uploads\/Cruz_Roja_4-1024x681-1-768x511.jpg 768w, https:\/\/espacios.adeituv.es\/wp-content\/uploads\/Cruz_Roja_4-1024x681-1-300x200.jpg 300w, https:\/\/espacios.adeituv.es\/wp-content\/uploads\/Cruz_Roja_4-1024x681-1.jpg 1024w, https:\/\/espacios.adeituv.es\/wp-content\/uploads\/Cruz_Roja_4-1024x681-1-900x600.jpg 900w\" sizes=\"(max-width: 768px) 100vw, 768px\" \/><\/div><\/a>\n\t\t\t\t<div class=\"elementor-post__text\">\n\t\t\t\t<h3 class=\"elementor-post__title\">\n\t\t\t<a href=\"https:\/\/espacios.adeituv.es\/val\/coctel-navidad-cruz-roja-terraza-cubierta-espacio-adeit\/\" >\n\t\t\t\tC\u00f3ctel de Navidad de Cruz Roja &#8211; Terraza cubierta Espacio adeit\t\t\t<\/a>\n\t\t<\/h3>\n\t\t\n\t\t<a class=\"elementor-post__read-more\" href=\"https:\/\/espacios.adeituv.es\/val\/coctel-navidad-cruz-roja-terraza-cubierta-espacio-adeit\/\" aria-label=\"Read more about C\u00f3ctel de Navidad de Cruz Roja &#8211; Terraza cubierta Espacio adeit\" tabindex=\"-1\" >\n\t\t\tLlegir m\u00e9s \u00bb\t\t<\/a>\n\n\t\t\t\t<\/div>\n\t\t\t\t<div class=\"elementor-post__meta-data\">\n\t\t\t\t\t<span class=\"elementor-post-date\">\n\t\t\tMarch 1, 2019\t\t<\/span>\n\t\t\t\t<span class=\"elementor-post-avatar\">\n\t\t\tNo Comments\t\t<\/span>\n\t\t\t\t<\/div>\n\t\t\t\t\t<\/div>\n\t\t<\/article>\n\t\t\t\t<article class=\"elementor-post elementor-grid-item post-1827 post type-post status-publish format-standard has-post-thumbnail category-noticies tag-alquiler-espacio-eventos-val tag-espacio-para-eventos-val tag-evento-adeit-val tag-eventos-adeit-val tag-salas-evento-val tag-salon-de-actos-val\" role=\"listitem\">\n\t\t\t<div class=\"elementor-post__card\">\n\t\t\t\t<a class=\"elementor-post__thumbnail__link\" href=\"https:\/\/espacios.adeituv.es\/val\/congreso-best-clinical-practice-salas-adeit\/\" tabindex=\"-1\" ><div class=\"elementor-post__thumbnail\"><img loading=\"lazy\" decoding=\"async\" width=\"768\" height=\"516\" src=\"https:\/\/espacios.adeituv.es\/wp-content\/uploads\/DSC_0058-768x516.jpg\" class=\"attachment-medium_large size-medium_large wp-image-2042\" alt=\"\" srcset=\"https:\/\/espacios.adeituv.es\/wp-content\/uploads\/DSC_0058-768x516.jpg 768w, https:\/\/espacios.adeituv.es\/wp-content\/uploads\/DSC_0058-300x201.jpg 300w, https:\/\/espacios.adeituv.es\/wp-content\/uploads\/DSC_0058-1024x687.jpg 1024w, https:\/\/espacios.adeituv.es\/wp-content\/uploads\/DSC_0058-600x403.jpg 600w, https:\/\/espacios.adeituv.es\/wp-content\/uploads\/DSC_0058-400x269.jpg 400w\" sizes=\"(max-width: 768px) 100vw, 768px\" \/><\/div><\/a>\n\t\t\t\t<div class=\"elementor-post__text\">\n\t\t\t\t<h3 class=\"elementor-post__title\">\n\t\t\t<a href=\"https:\/\/espacios.adeituv.es\/val\/congreso-best-clinical-practice-salas-adeit\/\" >\n\t\t\t\tCongreso Best Clinical Practice &#8211; Alquiler Salas ADEIT\t\t\t<\/a>\n\t\t<\/h3>\n\t\t\n\t\t<a class=\"elementor-post__read-more\" href=\"https:\/\/espacios.adeituv.es\/val\/congreso-best-clinical-practice-salas-adeit\/\" aria-label=\"Read more about Congreso Best Clinical Practice &#8211; Alquiler Salas ADEIT\" tabindex=\"-1\" >\n\t\t\tLlegir m\u00e9s \u00bb\t\t<\/a>\n\n\t\t\t\t<\/div>\n\t\t\t\t<div class=\"elementor-post__meta-data\">\n\t\t\t\t\t<span class=\"elementor-post-date\">\n\t\t\tFebruary 12, 2019\t\t<\/span>\n\t\t\t\t<span class=\"elementor-post-avatar\">\n\t\t\tNo Comments\t\t<\/span>\n\t\t\t\t<\/div>\n\t\t\t\t\t<\/div>\n\t\t<\/article>\n\t\t\t\t<article class=\"elementor-post elementor-grid-item post-1822 post type-post status-publish format-standard has-post-thumbnail category-noticies tag-alquiler-espacio-adeit-val tag-alquiler-sala-val tag-alquiler-salon-val tag-alquiler-salon-de-actos-val tag-espacio-adeit-val tag-salo-de-actos-val\" role=\"listitem\">\n\t\t\t<div class=\"elementor-post__card\">\n\t\t\t\t<a class=\"elementor-post__thumbnail__link\" href=\"https:\/\/espacios.adeituv.es\/val\/salon-de-actos-espacio-adeit\/\" tabindex=\"-1\" ><div class=\"elementor-post__thumbnail\"><img loading=\"lazy\" decoding=\"async\" width=\"768\" height=\"508\" src=\"https:\/\/espacios.adeituv.es\/wp-content\/uploads\/Aguas_Levante1-768x508.jpg\" class=\"attachment-medium_large size-medium_large wp-image-2035\" alt=\"\" srcset=\"https:\/\/espacios.adeituv.es\/wp-content\/uploads\/Aguas_Levante1-768x508.jpg 768w, https:\/\/espacios.adeituv.es\/wp-content\/uploads\/Aguas_Levante1-300x199.jpg 300w, https:\/\/espacios.adeituv.es\/wp-content\/uploads\/Aguas_Levante1.jpg 816w\" sizes=\"(max-width: 768px) 100vw, 768px\" \/><\/div><\/a>\n\t\t\t\t<div class=\"elementor-post__text\">\n\t\t\t\t<h3 class=\"elementor-post__title\">\n\t\t\t<a href=\"https:\/\/espacios.adeituv.es\/val\/salon-de-actos-espacio-adeit\/\" >\n\t\t\t\tLa reutilizaci\u00f3n y la econom\u00eda circular del Agua &#8211; Sal\u00f3n de Actos Espacio ADEIT\t\t\t<\/a>\n\t\t<\/h3>\n\t\t\n\t\t<a class=\"elementor-post__read-more\" href=\"https:\/\/espacios.adeituv.es\/val\/salon-de-actos-espacio-adeit\/\" aria-label=\"Read more about La reutilizaci\u00f3n y la econom\u00eda circular del Agua &#8211; Sal\u00f3n de Actos Espacio ADEIT\" tabindex=\"-1\" >\n\t\t\tLlegir m\u00e9s \u00bb\t\t<\/a>\n\n\t\t\t\t<\/div>\n\t\t\t\t<div class=\"elementor-post__meta-data\">\n\t\t\t\t\t<span class=\"elementor-post-date\">\n\t\t\tJanuary 3, 2019\t\t<\/span>\n\t\t\t\t<span class=\"elementor-post-avatar\">\n\t\t\tNo Comments\t\t<\/span>\n\t\t\t\t<\/div>\n\t\t\t\t\t<\/div>\n\t\t<\/article>\n\t\t\t\t<article class=\"elementor-post elementor-grid-item post-1706 post type-post status-publish format-standard category-noticies\" role=\"listitem\">\n\t\t\t<div class=\"elementor-post__card\">\n\t\t\t\t<div class=\"elementor-post__text\">\n\t\t\t\t<h3 class=\"elementor-post__title\">\n\t\t\t<a href=\"https:\/\/espacios.adeituv.es\/val\/hello-word-val\/\" >\n\t\t\t\tHello word! Val\t\t\t<\/a>\n\t\t<\/h3>\n\t\t\n\t\t<a class=\"elementor-post__read-more\" href=\"https:\/\/espacios.adeituv.es\/val\/hello-word-val\/\" aria-label=\"Read more about Hello word! Val\" tabindex=\"-1\" >\n\t\t\tLlegir m\u00e9s \u00bb\t\t<\/a>\n\n\t\t\t\t<\/div>\n\t\t\t\t<div class=\"elementor-post__meta-data\">\n\t\t\t\t\t<span class=\"elementor-post-date\">\n\t\t\tDecember 10, 2018\t\t<\/span>\n\t\t\t\t<span class=\"elementor-post-avatar\">\n\t\t\tNo Comments\t\t<\/span>\n\t\t\t\t<\/div>\n\t\t\t\t\t<\/div>\n\t\t<\/article>\n\t\t\t\t<\/div>\n\t\t\n\t\t\t\t\t\t<\/div>\n\t\t\t\t<\/div>\n\t\t\t\t\t<\/div>\n\t\t\t\t<\/div>\n\t\t\t\t<\/div>\n\t\t","protected":false},"excerpt":{"rendered":"<p>Experi\u00e8ncies<\/p>\n","protected":false},"author":13,"featured_media":0,"parent":0,"menu_order":0,"comment_status":"closed","ping_status":"closed","template":"elementor_header_footer","meta":{"_acf_changed":false,"footnotes":""},"class_list":["post-5811","page","type-page","status-publish"],"acf":[],"_links":{"self":[{"href":"https:\/\/espacios.adeituv.es\/val\/wp-json\/wp\/v2\/pages\/5811","targetHints":{"allow":["GET"]}}],"collection":[{"href":"https:\/\/espacios.adeituv.es\/val\/wp-json\/wp\/v2\/pages"}],"about":[{"href":"https:\/\/espacios.adeituv.es\/val\/wp-json\/wp\/v2\/types\/page"}],"author":[{"embeddable":true,"href":"https:\/\/espacios.adeituv.es\/val\/wp-json\/wp\/v2\/users\/13"}],"replies":[{"embeddable":true,"href":"https:\/\/espacios.adeituv.es\/val\/wp-json\/wp\/v2\/comments?post=5811"}],"version-history":[{"count":3,"href":"https:\/\/espacios.adeituv.es\/val\/wp-json\/wp\/v2\/pages\/5811\/revisions"}],"predecessor-version":[{"id":5862,"href":"https:\/\/espacios.adeituv.es\/val\/wp-json\/wp\/v2\/pages\/5811\/revisions\/5862"}],"wp:attachment":[{"href":"https:\/\/espacios.adeituv.es\/val\/wp-json\/wp\/v2\/media?parent=5811"}],"curies":[{"name":"wp","href":"https:\/\/api.w.org\/{rel}","templated":true}]}}